{"id":1292,"date":"2025-09-15T14:49:58","date_gmt":"2025-09-15T14:49:58","guid":{"rendered":"https:\/\/www.animaluprising.ch\/veranstaltungen\/contexte-de-lindustrie-animale-suisse\/"},"modified":"2025-10-06T09:05:47","modified_gmt":"2025-10-06T09:05:47","slug":"contexte-de-lindustrie-animale-suisse","status":"publish","type":"veranstaltungen","link":"https:\/\/www.animaluprising.ch\/fr\/veranstaltungen\/contexte-de-lindustrie-animale-suisse\/","title":{"rendered":"Contexte de l\u2019industrie animale suisse"},"content":{"rendered":"\n<p><strong>Des fractures du sternum chez les poules pondeuses, la panique de suffocation lors de l\u2019\u00e9tourdissement \u00e0 l\u2019abattoir et des vaches s\u00e9par\u00e9es de leurs veaux\u00a0:<\/strong> tout cela arrive aux animaux en secret, tandis que les gens en Suisse sont aveugl\u00e9s par de belles images publicitaires. Il est d\u2019autant plus important que nous regardions et que nous informions\u00a0! <\/p>\n\n<p><strong>Le lundi 20\u00a0octobre, nous vous en dirons plus \u00e0 B\u00e2le sur ces tenants et aboutissants de l\u2019industrie animale et nous vous parlerons de la recherche pour notre grande campagne d\u2019information.<\/strong> La conf\u00e9rence commence \u00e0 19\u00a0h\u00a000 au GundeliDr\u00e4ff. Ensuite, un ap\u00e9ritif v\u00e9gan vous permettra d\u2019\u00e9changer. <\/p>\n\n<p>Information concernant l\u2019accessibilit\u00e9\u00a0:<\/p>\n\n<p>La salle de l\u2019\u00e9v\u00e9nement est accessible par plusieurs marches. Si vous souhaitez obtenir plus d\u2019informations ou si vous souhaitez b\u00e9n\u00e9ficier d\u2019une assistance, n\u2019h\u00e9sitez pas \u00e0 nous contacter. <\/p>\n\n<p>Vous aurez \u00e9galement d\u2019autres occasions d\u2019en savoir plus sur les faits <a href=\"https:\/\/animal-rights-switzerland.ch\/2025-10-09-vortrag-bern\" target=\"_blank\" rel=\"noreferrer noopener\">le 9\u00a0octobre \u00e0 Berne<\/a> (avec une pr\u00e9sentation illustr\u00e9e de Tier im Fokus) ou <a href=\"https:\/\/animal-rights-switzerland.ch\/2025-10-31-vortrag-hofnarr\/\" target=\"_blank\" rel=\"noreferrer noopener\">le 31\u00a0octobre \u00e0 la ferme Narr \u00e0 Hinteregg\u00a0ZH<\/a> (avec une visite de la ferme p\u00e9dagogique).<\/p>\n\n<p><strong>Inscription\u00a0:<\/strong> <a href=\"https:\/\/animal-rights-switzerland.ch\/2025-10-20-vortrag-basel\/\">Soir\u00e9e de pr\u00e9sentation<\/a><\/p>\n\n<p>La conf\u00e9rence a lieu dans le cadre de l\u2019<a href=\"https:\/\/www.animaluprising.ch\/fr\/\" target=\"_blank\" rel=\"noreferrer noopener\">Animal Uprising Week<\/a> de <a href=\"https:\/\/tierimfokus.ch\/\" target=\"_blank\" rel=\"noreferrer noopener\">Tier im Fokus<\/a>\u00a0! <\/p>\n\n<p><\/p>\n","protected":false},"excerpt":{"rendered":"<p>Des fractures du sternum chez les poules pondeuses, la panique de suffocation lors de l\u2019\u00e9tourdissement \u00e0 l\u2019abattoir et des vaches s\u00e9par\u00e9es de leurs veaux\u00a0: tout cela arrive aux animaux en secret, tandis que les gens en Suisse sont aveugl\u00e9s par de belles images publicitaires. Il est d\u2019autant plus important que nous regardions et que nous [&hellip;]<\/p>\n","protected":false},"featured_media":1293,"template":"","veranstalter":[172],"standort":[185],"adresse":[184],"veranstaltungsart":[122],"class_list":["post-1292","veranstaltungen","type-veranstaltungen","status-publish","has-post-thumbnail","hentry","veranstalter-animal-rights-switzerland","standort-bale","adresse-gundelidraeff-bale","veranstaltungsart-conference"],"acf":{"veranstaltungsdatum":"20251020","zeit":"19:00:00","veranstaltungsart_select":[122]},"_links":{"self":[{"href":"https:\/\/www.animaluprising.ch\/fr\/wp-json\/wp\/v2\/veranstaltungen\/1292","targetHints":{"allow":["GET"]}}],"collection":[{"href":"https:\/\/www.animaluprising.ch\/fr\/wp-json\/wp\/v2\/veranstaltungen"}],"about":[{"href":"https:\/\/www.animaluprising.ch\/fr\/wp-json\/wp\/v2\/types\/veranstaltungen"}],"acf:term":[{"embeddable":true,"taxonomy":"veranstaltungsart","href":"https:\/\/www.animaluprising.ch\/fr\/wp-json\/wp\/v2\/veranstaltungsart\/122"}],"wp:featuredmedia":[{"embeddable":true,"href":"https:\/\/www.animaluprising.ch\/fr\/wp-json\/wp\/v2\/media\/1293"}],"wp:attachment":[{"href":"https:\/\/www.animaluprising.ch\/fr\/wp-json\/wp\/v2\/media?parent=1292"}],"wp:term":[{"taxonomy":"veranstalter","embeddable":true,"href":"https:\/\/www.animaluprising.ch\/fr\/wp-json\/wp\/v2\/veranstalter?post=1292"},{"taxonomy":"standort","embeddable":true,"href":"https:\/\/www.animaluprising.ch\/fr\/wp-json\/wp\/v2\/standort?post=1292"},{"taxonomy":"adresse","embeddable":true,"href":"https:\/\/www.animaluprising.ch\/fr\/wp-json\/wp\/v2\/adresse?post=1292"},{"taxonomy":"veranstaltungsart","embeddable":true,"href":"https:\/\/www.animaluprising.ch\/fr\/wp-json\/wp\/v2\/veranstaltungsart?post=1292"}],"curies":[{"name":"wp","href":"https:\/\/api.w.org\/{rel}","templated":true}]}}